{"id":40876,"date":"2025-02-14T22:09:04","date_gmt":"2025-02-14T22:09:04","guid":{"rendered":"https:\/\/villagrandekalkan.com\/?page_id=40876"},"modified":"2025-03-12T16:12:39","modified_gmt":"2025-03-12T16:12:39","slug":"villa-grande-kalkan-kas-tatil-kiralik","status":"publish","type":"page","link":"https:\/\/villagrandekalkan.com\/ru\/villa-grande-kalkan-kas-tatil-kiralik\/","title":{"rendered":"\u041e \u0412\u0438\u043b\u043b\u0435 \u0413\u0440\u0430\u043d\u0434\u0435"},"content":{"rendered":"<div data-elementor-type=\"wp-page\" data-elementor-id=\"40876\" class=\"elementor elementor-40876\">\n\t\t\t\t\t\t<section class=\"elementor-section elementor-top-section elementor-element elementor-element-8cd2364 elementor-section-full_width elementor-section-height-default elementor-section-height-default wpr-particle-no wpr-jarallax-no wpr-parallax-no wpr-sticky-section-no\" data-id=\"8cd2364\" data-element_type=\"section\" data-settings=\"{&quot;background_background&quot;:&quot;classic&quot;,&quot;shape_divider_bottom&quot;:&quot;triangle&quot;,&quot;shape_divider_bottom_negative&quot;:&quot;yes&quot;,&quot;shape_divider_top&quot;:&quot;curve&quot;}\">\n\t\t\t\t\t\t\t<div class=\"elementor-background-overlay\"><\/div>\n\t\t\t\t\t\t<div class=\"elementor-shape elementor-shape-top\" aria-hidden=\"true\" data-negative=\"false\">\n\t\t\t<svg xmlns=\"http:\/\/www.w3.org\/2000\/svg\" viewbox=\"0 0 1000 100\" preserveaspectratio=\"none\">\n    <path class=\"elementor-shape-fill\" d=\"M1000,4.3V0H0v4.3C0.9,23.1,126.7,99.2,500,100S1000,22.7,1000,4.3z\"\/>\n<\/svg>\t\t<\/div>\n\t\t\t\t<div class=\"elementor-shape elementor-shape-bottom\" aria-hidden=\"true\" data-negative=\"true\">\n\t\t\t<svg xmlns=\"http:\/\/www.w3.org\/2000\/svg\" viewbox=\"0 0 1000 100\" preserveaspectratio=\"none\">\n\t<path class=\"elementor-shape-fill\" d=\"M500.2,94.7L0,0v100h1000V0L500.2,94.7z\"\/>\n<\/svg>\t\t<\/div>\n\t\t\t\t\t<div class=\"elementor-container elementor-column-gap-default\">\n\t\t\t\t\t<div class=\"elementor-column elementor-col-100 elementor-top-column elementor-element elementor-element-6208766 elementor-invisible\" data-id=\"6208766\" data-element_type=\"column\" data-settings=\"{&quot;animation&quot;:&quot;fadeIn&quot;}\">\n\t\t\t<div class=\"elementor-widget-wrap elementor-element-populated\">\n\t\t\t\t\t\t<div class=\"elementor-element elementor-element-aa67258 elementor-widget elementor-widget-heading\" data-id=\"aa67258\" data-element_type=\"widget\" data-widget_type=\"heading.default\">\n\t\t\t\t<div class=\"elementor-widget-container\">\n\t\t\t\t\t<h1 class=\"elementor-heading-title elementor-size-default\">\u041e \u0412\u0418\u041b\u041b\u0415 \u0413\u0420\u0410\u041d\u0414\u0415 \u041a\u0410\u041b\u041a\u0410\u041d<\/h1>\t\t\t\t<\/div>\n\t\t\t\t<\/div>\n\t\t\t\t<div class=\"elementor-element elementor-element-a1d1d17 elementor-widget elementor-widget-heading\" data-id=\"a1d1d17\" data-element_type=\"widget\" data-widget_type=\"heading.default\">\n\t\t\t\t<div class=\"elementor-widget-container\">\n\t\t\t\t\t<h2 class=\"elementor-heading-title elementor-size-default\">Villa Grande Kalkan'a ho\u015f geldiniz.<\/h2>\t\t\t\t<\/div>\n\t\t\t\t<\/div>\n\t\t\t\t<div class=\"elementor-element elementor-element-f18dcfa elementor-icon-list--layout-traditional elementor-list-item-link-full_width elementor-widget elementor-widget-icon-list\" data-id=\"f18dcfa\" data-element_type=\"widget\" data-widget_type=\"icon-list.default\">\n\t\t\t\t<div class=\"elementor-widget-container\">\n\t\t\t\t\t\t\t<ul class=\"elementor-icon-list-items\">\n\t\t\t\t\t\t\t<li class=\"elementor-icon-list-item\">\n\t\t\t\t\t\t\t\t\t\t\t<a href=\"https:\/\/villagrandekalkan.com\/wp-content\/uploads\/2025\/03\/KTB-Izin-belgesi-29.05.2024.jpg\" target=\"_blank\">\n\n\t\t\t\t\t\t\t\t\t\t\t\t<span class=\"elementor-icon-list-icon\">\n\t\t\t\t\t\t\t<i aria-hidden=\"true\" class=\"icon icon-image-swap\"><\/i>\t\t\t\t\t\t<\/span>\n\t\t\t\t\t\t\t\t\t\t<span class=\"elementor-icon-list-text\">29.05.2024 \/ 07-2199 \u041c\u0438\u043d\u0438\u0441\u0442\u0435\u0440\u0441\u0442\u0432\u043e \u043a\u0443\u043b\u044c\u0442\u0443\u0440\u044b \u0438 \u0442\u0443\u0440\u0438\u0437\u043c\u0430 \u0438\u043c\u0435\u0435\u0442 \u0440\u0430\u0437\u0440\u0435\u0448\u0435\u043d\u0438\u0435 \u043d\u0430 \u0436\u0438\u043b\u044c\u0435 \u0434\u043b\u044f \u0442\u0443\u0440\u0438\u0441\u0442\u0438\u0447\u0435\u0441\u043a\u0438\u0445 \u0446\u0435\u043b\u0435\u0439. <br> Belgeyi incelemek i\u00e7in t\u0131klay\u0131n\u0131z.<\/span>\n\t\t\t\t\t\t\t\t\t\t\t<\/a>\n\t\t\t\t\t\t\t\t\t<\/li>\n\t\t\t\t\t\t<\/ul>\n\t\t\t\t\t\t<\/div>\n\t\t\t\t<\/div>\n\t\t\t\t<div class=\"elementor-element elementor-element-289bb06 elementor-widget-mobile__width-initial elementor-widget elementor-widget-icon-box\" data-id=\"289bb06\" data-element_type=\"widget\" data-widget_type=\"icon-box.default\">\n\t\t\t\t<div class=\"elementor-widget-container\">\n\t\t\t\t\t\t\t<div class=\"elementor-icon-box-wrapper\">\n\n\t\t\t\n\t\t\t\t\t\t<div class=\"elementor-icon-box-content\">\n\n\t\t\t\t\n\t\t\t\t\t\t\t\t\t<p class=\"elementor-icon-box-description\">\n\t\t\t\t\t\t- Villa Grande Kalkan i\u00e7erisinde \u00f6zel banyolu \u00e7ift ki\u015filik alt\u0131 yatak odas\u0131 ile zemin katta wc-du\u015f kullan\u0131ml\u0131 tek ki\u015filik ve katlan\u0131r yatakl\u0131 ilave yatak odas\u0131&amp;ofis olmak \u00fczere toplamda 13+1 ki\u015finin birlikte konaklama imkan\u0131\u00a0bulunmaktad\u0131r. Villan\u0131zda, k\u0131sa \u00f6zet olarak bulabilecekleriniz;\t\t\t\t\t<\/p>\n\t\t\t\t\n\t\t\t<\/div>\n\t\t\t\n\t\t<\/div>\n\t\t\t\t\t\t<\/div>\n\t\t\t\t<\/div>\n\t\t\t\t<div class=\"elementor-element elementor-element-2f1a5f5 elementor-widget-mobile__width-initial elementor-widget elementor-widget-icon-box\" data-id=\"2f1a5f5\" data-element_type=\"widget\" data-widget_type=\"icon-box.default\">\n\t\t\t\t<div class=\"elementor-widget-container\">\n\t\t\t\t\t\t\t<div class=\"elementor-icon-box-wrapper\">\n\n\t\t\t\n\t\t\t\t\t\t<div class=\"elementor-icon-box-content\">\n\n\t\t\t\t\n\t\t\t\t\t\t\t\t\t<p class=\"elementor-icon-box-description\">\n\t\t\t\t\t\t- Villa Grande Kalkan i\u00e7erisinde \u00f6zel banyolu \u00e7ift ki\u015filik alt\u0131 yatak odas\u0131 ile zemin katta wc-du\u015f kullan\u0131ml\u0131 tek ki\u015filik ve katlan\u0131r yatakl\u0131 ilave yatak odas\u0131&amp;ofis olmak \u00fczere toplamda 13+1 ki\u015finin birlikte konaklama imkan\u0131\u00a0bulunmaktad\u0131r. Villan\u0131zda, k\u0131sa \u00f6zet olarak bulabilecekleriniz;\t\t\t\t\t<\/p>\n\t\t\t\t\n\t\t\t<\/div>\n\t\t\t\n\t\t<\/div>\n\t\t\t\t\t\t<\/div>\n\t\t\t\t<\/div>\n\t\t\t\t<div class=\"elementor-element elementor-element-6ee3076 elementor-widget-mobile__width-initial elementor-widget elementor-widget-icon-box\" data-id=\"6ee3076\" data-element_type=\"widget\" data-widget_type=\"icon-box.default\">\n\t\t\t\t<div class=\"elementor-widget-container\">\n\t\t\t\t\t\t\t<div class=\"elementor-icon-box-wrapper\">\n\n\t\t\t\n\t\t\t\t\t\t<div class=\"elementor-icon-box-content\">\n\n\t\t\t\t\n\t\t\t\t\t\t\t\t\t<p class=\"elementor-icon-box-description\">\n\t\t\t\t\t\t- Deniz cephesinde yer alan 1. ve 2. kat\u00a0master\u00a0yatak odalar\u0131, etkileyici manzaralar\u0131, geni\u015f alanlar\u0131, daha b\u00fcy\u00fck yatak, dolap ve banyolar\u0131 yan\u0131nda, sessiz vantilat\u00f6rleri ve TV donan\u0131mlar\u0131 ile ilave ayr\u0131cal\u0131klara sahiptir.\t\t\t\t\t<\/p>\n\t\t\t\t\n\t\t\t<\/div>\n\t\t\t\n\t\t<\/div>\n\t\t\t\t\t\t<\/div>\n\t\t\t\t<\/div>\n\t\t\t\t<div class=\"elementor-element elementor-element-e1b76a8 elementor-widget-mobile__width-initial elementor-widget elementor-widget-icon-box\" data-id=\"e1b76a8\" data-element_type=\"widget\" data-widget_type=\"icon-box.default\">\n\t\t\t\t<div class=\"elementor-widget-container\">\n\t\t\t\t\t\t\t<div class=\"elementor-icon-box-wrapper\">\n\n\t\t\t\n\t\t\t\t\t\t<div class=\"elementor-icon-box-content\">\n\n\t\t\t\t\n\t\t\t\t\t\t\t\t\t<p class=\"elementor-icon-box-description\">\n\t\t\t\t\t\t- Zemin kat\u0131nda; vestiyer dolapl\u0131 giri\u015f hol\u00fc, konforlu a\u00e7\u0131k mutfak, \u015f\u00f6mineli oturma k\u00f6\u015fesi,\u00a010 ki\u015filik kapal\u0131 yemek k\u00f6\u015fesi, ekipman ve bavul odas\u0131 ile ya\u015fl\u0131 bireyler veya \u00e7al\u0131\u015fanlar\u0131n\u0131z i\u00e7in tercih edebilece\u011finiz 7.yatak odas\u0131 (ofis-\u00e7al\u0131\u015fma odas\u0131 olarakta kullan\u0131labilir), wc-du\u015f imkan\u0131 bulunmaktad\u0131r.\t\t\t\t\t<\/p>\n\t\t\t\t\n\t\t\t<\/div>\n\t\t\t\n\t\t<\/div>\n\t\t\t\t\t\t<\/div>\n\t\t\t\t<\/div>\n\t\t\t\t<div class=\"elementor-element elementor-element-23a94db elementor-widget-mobile__width-initial elementor-widget elementor-widget-icon-box\" data-id=\"23a94db\" data-element_type=\"widget\" data-widget_type=\"icon-box.default\">\n\t\t\t\t<div class=\"elementor-widget-container\">\n\t\t\t\t\t\t\t<div class=\"elementor-icon-box-wrapper\">\n\n\t\t\t\n\t\t\t\t\t\t<div class=\"elementor-icon-box-content\">\n\n\t\t\t\t\n\t\t\t\t\t\t\t\t\t<p class=\"elementor-icon-box-description\">\n\t\t\t\t\t\t- \u00c7at\u0131 kat\u0131nda, kitchinette mutfak, wc, deniz manzaral\u0131 jakuzi-du\u015f odas\u0131 ve g\u00fcnbat\u0131m\u0131 teras\u0131 yer almaktad\u0131r. Bu teras panoramik deniz ve do\u011fa manzaras\u0131na sahiptir ve ak\u015fam saatlerinde size harikulade g\u00fcnbat\u0131m\u0131 keyfi sunar.\t\t\t\t\t<\/p>\n\t\t\t\t\n\t\t\t<\/div>\n\t\t\t\n\t\t<\/div>\n\t\t\t\t\t\t<\/div>\n\t\t\t\t<\/div>\n\t\t\t\t<div class=\"elementor-element elementor-element-6055471 elementor-widget-mobile__width-initial elementor-widget elementor-widget-icon-box\" data-id=\"6055471\" data-element_type=\"widget\" data-widget_type=\"icon-box.default\">\n\t\t\t\t<div class=\"elementor-widget-container\">\n\t\t\t\t\t\t\t<div class=\"elementor-icon-box-wrapper\">\n\n\t\t\t\n\t\t\t\t\t\t<div class=\"elementor-icon-box-content\">\n\n\t\t\t\t\n\t\t\t\t\t\t\t\t\t<p class=\"elementor-icon-box-description\">\n\t\t\t\t\t\t- Teras ve bah\u00e7e alanlar\u0131;\n-A\u00e7\u0131k y\u00fczme havuzu, \u015femsiye ile korunmu\u015f 12\u00a0adet \u015fezlongun serpi\u015ftirildi\u011fi g\u00fcne\u015flenme teras\u0131, \u00e7ay teras\u0131, 14 ki\u015fiye ayn\u0131 anda yemek imkan\u0131 sunan, deniz manzaral\u0131 yemek teras\u0131, 20 ki\u015filik barbek\u00fc, projeksiyon-sinema keyfi sunan veranda alan\u0131, y\u00f6resel bitkileri, otantik s\u00fcs havuzu ile akdeniz temal\u0131 peysaja sahiptir. Ayr\u0131ca g\u00f6lgelikli pergola alanlar\u0131nda, masa tenisi, plates, damb\u0131l, badminton, dart, satran\u00e7, tavla, okey vb spor-e\u011flence aktiviteleri de yapabilirsiniz.\t\t\t\t\t<\/p>\n\t\t\t\t\n\t\t\t<\/div>\n\t\t\t\n\t\t<\/div>\n\t\t\t\t\t\t<\/div>\n\t\t\t\t<\/div>\n\t\t\t\t<div class=\"elementor-element elementor-element-90f7dc2 elementor-widget-mobile__width-initial elementor-widget elementor-widget-icon-box\" data-id=\"90f7dc2\" data-element_type=\"widget\" data-widget_type=\"icon-box.default\">\n\t\t\t\t<div class=\"elementor-widget-container\">\n\t\t\t\t\t\t\t<div class=\"elementor-icon-box-wrapper\">\n\n\t\t\t\n\t\t\t\t\t\t<div class=\"elementor-icon-box-content\">\n\n\t\t\t\t\n\t\t\t\t\t\t\t\t\t<p class=\"elementor-icon-box-description\">\n\t\t\t\t\t\t- Villan\u0131zda konaklarken arac\u0131n\u0131z\u0131 yaz\u0131n k\u0131zg\u0131n g\u00fcne\u015ften koruyacak garaj imkan\u0131na da sahipsiniz. Ayr\u0131ca bah\u00e7e d\u0131\u015f\u0131nda 2-3 ara\u00e7l\u0131k a\u00e7\u0131k otopark imkan\u0131n\u0131z da olacakt\u0131r.\t\t\t\t\t<\/p>\n\t\t\t\t\n\t\t\t<\/div>\n\t\t\t\n\t\t<\/div>\n\t\t\t\t\t\t<\/div>\n\t\t\t\t<\/div>\n\t\t\t\t<div class=\"elementor-element elementor-element-6487782 elementor-widget-mobile__width-initial elementor-widget elementor-widget-icon-box\" data-id=\"6487782\" data-element_type=\"widget\" data-widget_type=\"icon-box.default\">\n\t\t\t\t<div class=\"elementor-widget-container\">\n\t\t\t\t\t\t\t<div class=\"elementor-icon-box-wrapper\">\n\n\t\t\t\n\t\t\t\t\t\t<div class=\"elementor-icon-box-content\">\n\n\t\t\t\t\n\t\t\t\t\t\t\t\t\t<p class=\"elementor-icon-box-description\">\n\t\t\t\t\t\t- Villam\u0131z\u0131n, havuz ve bah\u00e7e bak\u0131mlar\u0131 her sabah erken saatlerde, g\u00f6revli eleman\u0131m\u0131z vas\u0131tas\u0131 ile yap\u0131lmaktad\u0131r. Tatilinizin her an\u0131nda, g\u00f6revli eleman\u0131m\u0131zdan bilgi ve destek sa\u011flayabilirsiniz.\t\t\t\t\t<\/p>\n\t\t\t\t\n\t\t\t<\/div>\n\t\t\t\n\t\t<\/div>\n\t\t\t\t\t\t<\/div>\n\t\t\t\t<\/div>\n\t\t\t\t<div class=\"elementor-element elementor-element-656b96a elementor-widget-mobile__width-initial elementor-widget elementor-widget-icon-box\" data-id=\"656b96a\" data-element_type=\"widget\" data-widget_type=\"icon-box.default\">\n\t\t\t\t<div class=\"elementor-widget-container\">\n\t\t\t\t\t\t\t<div class=\"elementor-icon-box-wrapper\">\n\n\t\t\t\n\t\t\t\t\t\t<div class=\"elementor-icon-box-content\">\n\n\t\t\t\t\n\t\t\t\t\t\t\t\t\t<p class=\"elementor-icon-box-description\">\n\t\t\t\t\t\t- Denizden istifade etmek isteyenler i\u00e7in, villan\u0131z\u0131n hemen a\u015fa\u011f\u0131s\u0131nda,200\u00a0mt\u00a0mesafeyi y\u00fcr\u00fcyerek ula\u015fabilece\u011finiz plaj ve 2 adet beach (Kalkan\u00a0Beach\u00a0Park,\u00a0Green\u00a0Beach,) yer almaktad\u0131r. Buradaki minik iskeleden g\u00fcnboyunca servis veren k\u00fc\u00e7\u00fck tekneler ile Kalkan \u015fehir merkezine veya di\u011fer beach\u2019lere 5-10 dakika i\u00e7inde deniz yolu ile gidip gelebileceksiniz.\t\t\t\t\t<\/p>\n\t\t\t\t\n\t\t\t<\/div>\n\t\t\t\n\t\t<\/div>\n\t\t\t\t\t\t<\/div>\n\t\t\t\t<\/div>\n\t\t\t\t<div class=\"elementor-element elementor-element-204d0bf elementor-widget-mobile__width-initial elementor-widget elementor-widget-icon-box\" data-id=\"204d0bf\" data-element_type=\"widget\" data-widget_type=\"icon-box.default\">\n\t\t\t\t<div class=\"elementor-widget-container\">\n\t\t\t\t\t\t\t<div class=\"elementor-icon-box-wrapper\">\n\n\t\t\t\n\t\t\t\t\t\t<div class=\"elementor-icon-box-content\">\n\n\t\t\t\t\n\t\t\t\t\t\t\t\t\t<p class=\"elementor-icon-box-description\">\n\t\t\t\t\t\t- Karadan veya denizden di\u011fer pop\u00fcler beachlere, Mahal Beach, Zest beach, \u0130ndigo Beach, Patara\u00a0Prince\u00a0Resort\u00a0Otel,\u00a0Denizim Beach, Palm\u00a0Beach \u00a0v.b.\u00a0ve ayr\u0131ca belediye plaj\u0131na da kolayl\u0131kla ula\u015fabilirsiniz. Gezilecek alanlar\u0131 incelemek i\u00e7in t\u0131klay\u0131n\u0131z.\t\t\t\t\t<\/p>\n\t\t\t\t\n\t\t\t<\/div>\n\t\t\t\n\t\t<\/div>\n\t\t\t\t\t\t<\/div>\n\t\t\t\t<\/div>\n\t\t\t\t<div class=\"elementor-element elementor-element-b8e8a31 elementor-widget-mobile__width-initial elementor-widget elementor-widget-icon-box\" data-id=\"b8e8a31\" data-element_type=\"widget\" data-widget_type=\"icon-box.default\">\n\t\t\t\t<div class=\"elementor-widget-container\">\n\t\t\t\t\t\t\t<div class=\"elementor-icon-box-wrapper\">\n\n\t\t\t\n\t\t\t\t\t\t<div class=\"elementor-icon-box-content\">\n\n\t\t\t\t\n\t\t\t\t\t\t\t\t\t<p class=\"elementor-icon-box-description\">\n\t\t\t\t\t\t- Villan\u0131z\u0131n yak\u0131n \u00e7evresinde y\u00fcr\u00fcyerek gidebilece\u011finiz mesafede ve g\u00fcn boyunca hizmet alabilece\u011finiz beach restoranlar\u0131 bulunmaktad\u0131r. \u00d6zel ak\u015fam yemeklerinizeveya romantik bulu\u015fmalar\u0131n\u0131za, se\u00e7kin men\u00fcleri ve ortamlar\u0131 ev sahipli\u011fi yapabilecek nitelikteki Fidanka Restaurant 100 mt, Mahal Restaurant 500 mt, Patara Prince Otel &amp; Restaurant ise 800 mt mesafenizde yer almaktad\u0131r.\t\t\t\t\t<\/p>\n\t\t\t\t\n\t\t\t<\/div>\n\t\t\t\n\t\t<\/div>\n\t\t\t\t\t\t<\/div>\n\t\t\t\t<\/div>\n\t\t\t\t<div class=\"elementor-element elementor-element-5d4ea45 elementor-widget-mobile__width-initial elementor-widget elementor-widget-icon-box\" data-id=\"5d4ea45\" data-element_type=\"widget\" data-widget_type=\"icon-box.default\">\n\t\t\t\t<div class=\"elementor-widget-container\">\n\t\t\t\t\t\t\t<div class=\"elementor-icon-box-wrapper\">\n\n\t\t\t\n\t\t\t\t\t\t<div class=\"elementor-icon-box-content\">\n\n\t\t\t\t\n\t\t\t\t\t\t\t\t\t<p class=\"elementor-icon-box-description\">\n\t\t\t\t\t\t- Bunlar\u0131n d\u0131\u015f\u0131nda taksi ile veya y\u00fcr\u00fcyerek ula\u015fabilece\u011finiz 2 km mesafenizdeki \u201cKalkan OldTown\u201d da pek \u00e7ok yemek ve e\u011flence mekan\u0131na da sahipsiniz. Sadece Ka\u015f ve Kalkan\u2019a \u00f6zg\u00fc, \u0131\u015f\u0131l \u0131\u015f\u0131l \u00e7at\u0131 teras restaurantlar\u0131nda yiyebilece\u011finiz, yakamoz manzaral\u0131 yemeklerinizi hi\u00e7bir zaman unutamayacaks\u0131n\u0131z.\t\t\t\t\t<\/p>\n\t\t\t\t\n\t\t\t<\/div>\n\t\t\t\n\t\t<\/div>\n\t\t\t\t\t\t<\/div>\n\t\t\t\t<\/div>\n\t\t\t\t<div class=\"elementor-element elementor-element-e3bbffd elementor-widget-mobile__width-initial elementor-widget elementor-widget-icon-box\" data-id=\"e3bbffd\" data-element_type=\"widget\" data-widget_type=\"icon-box.default\">\n\t\t\t\t<div class=\"elementor-widget-container\">\n\t\t\t\t\t\t\t<div class=\"elementor-icon-box-wrapper\">\n\n\t\t\t\n\t\t\t\t\t\t<div class=\"elementor-icon-box-content\">\n\n\t\t\t\t\n\t\t\t\t\t\t\t\t\t<p class=\"elementor-icon-box-description\">\n\t\t\t\t\t\t- Tatiliniz s\u00fcresince ilk kar\u015f\u0131laman\u0131zdan ba\u015flayarak, u\u011furlanman\u0131za dek her an\u0131n\u0131zda \u00a0sizlere gereken destek ve yard\u0131m, talebiniz halinde m\u00fclk sahibinizce yap\u0131labilecektir.\t\t\t\t\t<\/p>\n\t\t\t\t\n\t\t\t<\/div>\n\t\t\t\n\t\t<\/div>\n\t\t\t\t\t\t<\/div>\n\t\t\t\t<\/div>\n\t\t\t\t<div class=\"elementor-element elementor-element-c07dc5a elementor-widget-mobile__width-initial elementor-widget elementor-widget-icon-box\" data-id=\"c07dc5a\" data-element_type=\"widget\" data-widget_type=\"icon-box.default\">\n\t\t\t\t<div class=\"elementor-widget-container\">\n\t\t\t\t\t\t\t<div class=\"elementor-icon-box-wrapper\">\n\n\t\t\t\n\t\t\t\t\t\t<div class=\"elementor-icon-box-content\">\n\n\t\t\t\t\n\t\t\t\t\t\t\t\t\t<p class=\"elementor-icon-box-description\">\n\t\t\t\t\t\t- Sizlerde, Villa Grande Kalkan\u2019\u0131n m\u00fcdavimi olan misafirlerimizden olabilirsiniz.\n\nhello@villagrandekalkan.com \u00a0\/ villagrandekalkan@gmai.com\t\t\t\t\t<\/p>\n\t\t\t\t\n\t\t\t<\/div>\n\t\t\t\n\t\t<\/div>\n\t\t\t\t\t\t<\/div>\n\t\t\t\t<\/div>\n\t\t\t\t\t<\/div>\n\t\t<\/div>\n\t\t\t\t\t<\/div>\n\t\t<\/section>\n\t\t<div class=\"elementor-element elementor-element-89de862 e-flex e-con-boxed wpr-particle-no wpr-jarallax-no wpr-parallax-no wpr-sticky-section-no e-con e-parent\" data-id=\"89de862\" data-element_type=\"container\" data-settings=\"{&quot;background_background&quot;:&quot;classic&quot;,&quot;shape_divider_top&quot;:&quot;curve&quot;,&quot;shape_divider_bottom&quot;:&quot;triangle&quot;,&quot;shape_divider_bottom_negative&quot;:&quot;yes&quot;}\">\n\t\t\t\t\t<div class=\"e-con-inner\">\n\t\t\t\t<div class=\"elementor-shape elementor-shape-top\" aria-hidden=\"true\" data-negative=\"false\">\n\t\t\t<svg xmlns=\"http:\/\/www.w3.org\/2000\/svg\" viewbox=\"0 0 1000 100\" preserveaspectratio=\"none\">\n    <path class=\"elementor-shape-fill\" d=\"M1000,4.3V0H0v4.3C0.9,23.1,126.7,99.2,500,100S1000,22.7,1000,4.3z\"\/>\n<\/svg>\t\t<\/div>\n\t\t\t\t<div class=\"elementor-shape elementor-shape-bottom\" aria-hidden=\"true\" data-negative=\"true\">\n\t\t\t<svg xmlns=\"http:\/\/www.w3.org\/2000\/svg\" viewbox=\"0 0 1000 100\" preserveaspectratio=\"none\">\n\t<path class=\"elementor-shape-fill\" d=\"M500.2,94.7L0,0v100h1000V0L500.2,94.7z\"\/>\n<\/svg>\t\t<\/div>\n\t\t<div class=\"elementor-element elementor-element-a5942a6 e-con-full e-flex wpr-particle-no wpr-jarallax-no wpr-parallax-no wpr-sticky-section-no e-con e-child\" data-id=\"a5942a6\" data-element_type=\"container\">\n\t\t\t\t<div class=\"elementor-element elementor-element-da93f90 elementor-view-stacked elementor-position-left elementor-shape-circle elementor-mobile-position-top elementor-invisible elementor-widget elementor-widget-icon-box\" data-id=\"da93f90\" data-element_type=\"widget\" data-settings=\"{&quot;_animation&quot;:&quot;slideInLeft&quot;}\" data-widget_type=\"icon-box.default\">\n\t\t\t\t<div class=\"elementor-widget-container\">\n\t\t\t\t\t\t\t<div class=\"elementor-icon-box-wrapper\">\n\n\t\t\t\t\t\t<div class=\"elementor-icon-box-icon\">\n\t\t\t\t<a href=\"https:\/\/wa.me\/+905322646052\" class=\"elementor-icon\" tabindex=\"-1\" aria-label=\"+90 532 2646052\" target=\"_blank\" rel=\"noopener\">\n\t\t\t\t<i aria-hidden=\"true\" class=\"icon icon-smartphone\"><\/i>\t\t\t\t<\/a>\n\t\t\t<\/div>\n\t\t\t\n\t\t\t\t\t\t<div class=\"elementor-icon-box-content\">\n\n\t\t\t\t\t\t\t\t\t<h3 class=\"elementor-icon-box-title\">\n\t\t\t\t\t\t<a href=\"https:\/\/wa.me\/+905322646052\" target=\"_blank\" rel=\"noopener\">\n\t\t\t\t\t\t\t+90 532 2646052\t\t\t\t\t\t<\/a>\n\t\t\t\t\t<\/h3>\n\t\t\t\t\n\t\t\t\t\t\t\t\t\t<p class=\"elementor-icon-box-description\">\n\t\t\t\t\t\t\u0412\u0435\u0434\u0443\u0449\u0438\u0439 Atilla K.\t\t\t\t\t<\/p>\n\t\t\t\t\n\t\t\t<\/div>\n\t\t\t\n\t\t<\/div>\n\t\t\t\t\t\t<\/div>\n\t\t\t\t<\/div>\n\t\t\t\t<\/div>\n\t\t<div class=\"elementor-element elementor-element-4259698 e-con-full e-flex wpr-particle-no wpr-jarallax-no wpr-parallax-no wpr-sticky-section-no e-con e-child\" data-id=\"4259698\" data-element_type=\"container\">\n\t\t\t\t<div class=\"elementor-element elementor-element-db78b02 elementor-view-stacked elementor-position-left elementor-shape-circle elementor-mobile-position-top elementor-invisible elementor-widget elementor-widget-icon-box\" data-id=\"db78b02\" data-element_type=\"widget\" data-settings=\"{&quot;_animation&quot;:&quot;slideInLeft&quot;}\" data-widget_type=\"icon-box.default\">\n\t\t\t\t<div class=\"elementor-widget-container\">\n\t\t\t\t\t\t\t<div class=\"elementor-icon-box-wrapper\">\n\n\t\t\t\t\t\t<div class=\"elementor-icon-box-icon\">\n\t\t\t\t<a href=\"https:\/\/wa.me\/+905522646052%20\" class=\"elementor-icon\" tabindex=\"-1\" aria-label=\"+90 552 2646052 \" target=\"_blank\" rel=\"noopener\">\n\t\t\t\t<i aria-hidden=\"true\" class=\"icon icon-smartphone\"><\/i>\t\t\t\t<\/a>\n\t\t\t<\/div>\n\t\t\t\n\t\t\t\t\t\t<div class=\"elementor-icon-box-content\">\n\n\t\t\t\t\t\t\t\t\t<h3 class=\"elementor-icon-box-title\">\n\t\t\t\t\t\t<a href=\"https:\/\/wa.me\/+905522646052%20\" target=\"_blank\" rel=\"noopener\">\n\t\t\t\t\t\t\t+90 552 2646052 \t\t\t\t\t\t<\/a>\n\t\t\t\t\t<\/h3>\n\t\t\t\t\n\t\t\t\t\t\t\t\t\t<p class=\"elementor-icon-box-description\">\n\t\t\t\t\t\t\u0412\u0435\u0434\u0443\u0449\u0438\u0439 Nuket K.\t\t\t\t\t<\/p>\n\t\t\t\t\n\t\t\t<\/div>\n\t\t\t\n\t\t<\/div>\n\t\t\t\t\t\t<\/div>\n\t\t\t\t<\/div>\n\t\t\t\t<\/div>\n\t\t\t\t\t<\/div>\n\t\t\t\t<\/div>\n\t\t\t\t<\/div>","protected":false},"excerpt":{"rendered":"<p>V\u0130LLA GRANDE KALKAN HAKKINDA Villa Grande Kalkan&#8217;a ho\u015f geldiniz. 29.05.2024 \/ 07-2199 K\u00fclt\u00fcr ve Turizm bakanl\u0131\u011f\u0131 Turizm Ama\u00e7l\u0131 Konut \u0130zin Belgesine sahiptir. Belgeyi incelemek i\u00e7in t\u0131klay\u0131n\u0131z. &#8211; Villa Grande Kalkan i\u00e7erisinde \u00f6zel banyolu \u00e7ift ki\u015filik alt\u0131 yatak odas\u0131 ile zemin katta wc-du\u015f kullan\u0131ml\u0131 tek ki\u015filik ve katlan\u0131r yatakl\u0131 ilave yatak odas\u0131&#038;ofis olmak \u00fczere toplamda 13+1 ki\u015finin birlikte konaklama imkan\u0131\u00a0bulunmaktad\u0131r. Villan\u0131zda, k\u0131sa \u00f6zet olarak bulabilecekleriniz; &#8211; Villa Grande Kalkan i\u00e7erisinde \u00f6zel banyolu \u00e7ift ki\u015filik alt\u0131 yatak odas\u0131 ile zemin katta wc-du\u015f kullan\u0131ml\u0131 tek ki\u015filik ve katlan\u0131r yatakl\u0131 ilave yatak odas\u0131&#038;ofis olmak \u00fczere toplamda 13+1 ki\u015finin birlikte konaklama imkan\u0131\u00a0bulunmaktad\u0131r. Villan\u0131zda, k\u0131sa \u00f6zet olarak bulabilecekleriniz; &#8211; Deniz cephesinde yer alan 1. ve 2. kat\u00a0master\u00a0yatak odalar\u0131, etkileyici manzaralar\u0131, geni\u015f alanlar\u0131, daha b\u00fcy\u00fck yatak, dolap ve banyolar\u0131 yan\u0131nda, sessiz vantilat\u00f6rleri ve TV donan\u0131mlar\u0131 ile ilave ayr\u0131cal\u0131klara sahiptir. &#8211; Zemin kat\u0131nda; vestiyer dolapl\u0131 giri\u015f hol\u00fc, konforlu a\u00e7\u0131k mutfak, \u015f\u00f6mineli oturma k\u00f6\u015fesi,\u00a010 ki\u015filik kapal\u0131 yemek k\u00f6\u015fesi, ekipman ve bavul odas\u0131 ile ya\u015fl\u0131 bireyler veya \u00e7al\u0131\u015fanlar\u0131n\u0131z i\u00e7in tercih edebilece\u011finiz 7.yatak odas\u0131 (ofis-\u00e7al\u0131\u015fma odas\u0131 olarakta kullan\u0131labilir), wc-du\u015f imkan\u0131 bulunmaktad\u0131r. &#8211; \u00c7at\u0131 kat\u0131nda, kitchinette mutfak, wc, deniz manzaral\u0131 jakuzi-du\u015f odas\u0131 ve g\u00fcnbat\u0131m\u0131 teras\u0131 yer almaktad\u0131r. Bu teras panoramik deniz ve do\u011fa manzaras\u0131na sahiptir ve ak\u015fam saatlerinde size harikulade g\u00fcnbat\u0131m\u0131 keyfi sunar. &#8211; Teras ve bah\u00e7e alanlar\u0131; -A\u00e7\u0131k y\u00fczme havuzu, \u015femsiye ile korunmu\u015f 12\u00a0adet \u015fezlongun serpi\u015ftirildi\u011fi g\u00fcne\u015flenme teras\u0131, \u00e7ay teras\u0131, 14 ki\u015fiye ayn\u0131 anda yemek imkan\u0131 sunan, deniz manzaral\u0131 yemek teras\u0131, 20 ki\u015filik barbek\u00fc, projeksiyon-sinema keyfi sunan veranda alan\u0131, y\u00f6resel bitkileri, otantik s\u00fcs havuzu ile akdeniz temal\u0131 peysaja sahiptir. Ayr\u0131ca g\u00f6lgelikli pergola alanlar\u0131nda, masa tenisi, plates, damb\u0131l, badminton, dart, satran\u00e7, tavla, okey vb spor-e\u011flence aktiviteleri de yapabilirsiniz. &#8211; Villan\u0131zda konaklarken arac\u0131n\u0131z\u0131 yaz\u0131n k\u0131zg\u0131n g\u00fcne\u015ften koruyacak garaj imkan\u0131na da sahipsiniz. Ayr\u0131ca bah\u00e7e d\u0131\u015f\u0131nda 2-3 ara\u00e7l\u0131k a\u00e7\u0131k otopark imkan\u0131n\u0131z da olacakt\u0131r. &#8211; Villam\u0131z\u0131n, havuz ve bah\u00e7e bak\u0131mlar\u0131 her sabah erken saatlerde, g\u00f6revli eleman\u0131m\u0131z vas\u0131tas\u0131 ile yap\u0131lmaktad\u0131r. Tatilinizin her an\u0131nda, g\u00f6revli eleman\u0131m\u0131zdan bilgi ve destek sa\u011flayabilirsiniz. &#8211; Denizden istifade etmek isteyenler i\u00e7in, villan\u0131z\u0131n hemen a\u015fa\u011f\u0131s\u0131nda,200\u00a0mt\u00a0mesafeyi y\u00fcr\u00fcyerek ula\u015fabilece\u011finiz plaj ve 2 adet beach (Kalkan\u00a0Beach\u00a0Park,\u00a0Green\u00a0Beach,) yer almaktad\u0131r. Buradaki minik iskeleden g\u00fcnboyunca servis veren k\u00fc\u00e7\u00fck tekneler ile Kalkan \u015fehir merkezine veya di\u011fer beach\u2019lere 5-10 dakika i\u00e7inde deniz yolu ile gidip gelebileceksiniz. &#8211; Karadan veya denizden di\u011fer pop\u00fcler beachlere, Mahal Beach, Zest beach, \u0130ndigo Beach, Patara\u00a0Prince\u00a0Resort\u00a0Otel,\u00a0Denizim Beach, Palm\u00a0Beach \u00a0v.b.\u00a0ve ayr\u0131ca belediye plaj\u0131na da kolayl\u0131kla ula\u015fabilirsiniz. Gezilecek alanlar\u0131 incelemek i\u00e7in t\u0131klay\u0131n\u0131z. &#8211; Villan\u0131z\u0131n yak\u0131n \u00e7evresinde y\u00fcr\u00fcyerek gidebilece\u011finiz mesafede ve g\u00fcn boyunca hizmet alabilece\u011finiz beach restoranlar\u0131 bulunmaktad\u0131r. \u00d6zel ak\u015fam yemeklerinizeveya romantik bulu\u015fmalar\u0131n\u0131za, se\u00e7kin men\u00fcleri ve ortamlar\u0131 ev sahipli\u011fi yapabilecek nitelikteki Fidanka Restaurant 100 mt, Mahal Restaurant 500 mt, Patara Prince Otel &#038; Restaurant ise 800 mt mesafenizde yer almaktad\u0131r. &#8211; Bunlar\u0131n d\u0131\u015f\u0131nda taksi ile veya y\u00fcr\u00fcyerek ula\u015fabilece\u011finiz 2 km mesafenizdeki \u201cKalkan OldTown\u201d da pek \u00e7ok yemek ve e\u011flence mekan\u0131na da sahipsiniz. Sadece Ka\u015f ve Kalkan\u2019a \u00f6zg\u00fc, \u0131\u015f\u0131l \u0131\u015f\u0131l \u00e7at\u0131 teras restaurantlar\u0131nda yiyebilece\u011finiz, yakamoz manzaral\u0131 yemeklerinizi hi\u00e7bir zaman unutamayacaks\u0131n\u0131z. &#8211; Tatiliniz s\u00fcresince ilk kar\u015f\u0131laman\u0131zdan ba\u015flayarak, u\u011furlanman\u0131za dek her an\u0131n\u0131zda \u00a0sizlere gereken destek ve yard\u0131m, talebiniz halinde m\u00fclk sahibinizce yap\u0131labilecektir. &#8211; Sizlerde, Villa Grande Kalkan\u2019\u0131n m\u00fcdavimi olan misafirlerimizden olabilirsiniz. hello@villagrandekalkan.com \u00a0\/ villagrandekalkan@gmai.com +90 532 2646052 Ev Sahibi: Atilla K. +90 552 2646052 Ev Sahibi: Nuket K.<\/p>","protected":false},"author":1,"featured_media":0,"parent":0,"menu_order":0,"comment_status":"closed","ping_status":"closed","template":"elementor_header_footer","meta":{"inline_featured_image":false,"pgc_sgb_lightbox_settings":"","footnotes":""},"class_list":["post-40876","page","type-page","status-publish","hentry"],"_links":{"self":[{"href":"https:\/\/villagrandekalkan.com\/ru\/wp-json\/wp\/v2\/pages\/40876","targetHints":{"allow":["GET"]}}],"collection":[{"href":"https:\/\/villagrandekalkan.com\/ru\/wp-json\/wp\/v2\/pages"}],"about":[{"href":"https:\/\/villagrandekalkan.com\/ru\/wp-json\/wp\/v2\/types\/page"}],"author":[{"embeddable":true,"href":"https:\/\/villagrandekalkan.com\/ru\/wp-json\/wp\/v2\/users\/1"}],"replies":[{"embeddable":true,"href":"https:\/\/villagrandekalkan.com\/ru\/wp-json\/wp\/v2\/comments?post=40876"}],"version-history":[{"count":42,"href":"https:\/\/villagrandekalkan.com\/ru\/wp-json\/wp\/v2\/pages\/40876\/revisions"}],"predecessor-version":[{"id":42188,"href":"https:\/\/villagrandekalkan.com\/ru\/wp-json\/wp\/v2\/pages\/40876\/revisions\/42188"}],"wp:attachment":[{"href":"https:\/\/villagrandekalkan.com\/ru\/wp-json\/wp\/v2\/media?parent=40876"}],"curies":[{"name":"wp","href":"https:\/\/api.w.org\/{rel}","templated":true}]}}